{"id":6,"date":"2023-02-17T11:34:09","date_gmt":"2023-02-17T10:34:09","guid":{"rendered":"https:\/\/mulotpetitjean.com\/maison\/\/?page_id=6"},"modified":"2024-05-06T14:49:06","modified_gmt":"2024-05-06T12:49:06","slug":"accueil","status":"publish","type":"page","link":"https:\/\/mulotpetitjean.com\/maison\/","title":{"rendered":"Accueil"},"content":{"rendered":"<div class=\"wp-block-group page__title pt2x is-layout-constrained wp-block-group-is-layout-constrained\"><h1 class=\"wp-block-heading has-text-align-center has-bar has-primary-color has-text-color\">Ma\u00eetres pains d&rsquo;\u00e9piciers depuis 1796<\/h1>\n\n<p class=\"has-text-align-center has-secondary-color has-text-color\">Du Mi-kong chinois au boichet de Marguerite de Flandres,<br>le pain d\u2019\u00e9pices s\u2019est inscrit dans le patrimoine gourmand de Dijon.<\/p><\/div><div class=\"wp-block-group alignwide img-txt is-layout-flow wp-block-group-is-layout-flow\"><div class=\"wp-block-columns is-layout-flex wp-container-core-columns-is-layout-9d6595d7 wp-block-columns-is-layout-flex\"><div class=\"wp-block-column column-image is-layout-flow wp-block-column-is-layout-flow\"><figure class=\"wp-block-image size-large\"><img loading=\"lazy\" decoding=\"async\" width=\"683\" height=\"1024\" src=\"https:\/\/mulotpetitjean.com\/maison\/\/content\/uploads\/2023\/03\/catherine-et-marie-petitjean-683x1024.jpg\" alt=\"\" class=\"wp-image-199\" srcset=\"https:\/\/mulotpetitjean.com\/maison\/content\/uploads\/2023\/03\/catherine-et-marie-petitjean-683x1024.jpg 683w, https:\/\/mulotpetitjean.com\/maison\/content\/uploads\/2023\/03\/catherine-et-marie-petitjean-600x899.jpg 600w, https:\/\/mulotpetitjean.com\/maison\/content\/uploads\/2023\/03\/catherine-et-marie-petitjean-400x600.jpg 400w, https:\/\/mulotpetitjean.com\/maison\/content\/uploads\/2023\/03\/catherine-et-marie-petitjean-320x480.jpg 320w, https:\/\/mulotpetitjean.com\/maison\/content\/uploads\/2023\/03\/catherine-et-marie-petitjean.jpg 700w\" sizes=\"auto, (max-width: 683px) 100vw, 683px\" \/><\/figure><\/div>\n\n<div class=\"wp-block-column column-txt is-layout-flow wp-block-column-is-layout-flow\"><p class=\"subtitle has-primary-color has-text-color\">Entre tradition et modernit\u00e9, Mulot &amp; Petitjean est une entreprise familiale, fid\u00e8le \u00e0 un savoir-faire transmis de g\u00e9n\u00e9ration en g\u00e9n\u00e9ration.<\/p>\n\n<p><\/p>\n\n<p>Cr\u00e9\u00e9e en 1796, la maison Mulot &amp; Petitjean est une <strong>entreprise familiale fran\u00e7aise,<\/strong> ind\u00e9pendante. C\u2019est d\u2019abord de p\u00e8re en fils, de p\u00e8re en fille, puis de m\u00e8re en fille, que se sont transmis le<strong> savoir-faire <\/strong>et les secrets de la v\u00e9ritable <strong>recette du pain d\u2019\u00e9pices de Dijon<\/strong>.<\/p>\n\n<div class=\"wp-block-group more p0 alignfull is-layout-flow wp-block-group-is-layout-flow\"><p>Le pain d\u2019\u00e9pices est un <strong>produit ancestral <\/strong>dont on trouve les premi\u00e8res traces au X\u00e8me si\u00e8cle en Chine.<\/p>\n\n<p>Le pain d\u2019\u00e9pices s\u2019invite \u00e0 la table des ducs de Bourgogne gr\u00e2ce \u00e0 Marguerite de Flandre, \u00e9pouse de Philippe le Hardi Duc de Bourgogne. Elle rapporte de ses voyages le \u00ab Boichet \u00bb : l\u2019anc\u00eatre du pain d\u2019\u00e9pices, \u00e0 base de farine de froment.<\/p>\n\n<p>Au XX\u00e8me si\u00e8cle, on comptait jusqu\u2019\u00e0 douze maisons de pain d\u2019\u00e9pices \u00e0 Dijon. <strong>Mulot &amp; Petitjean <\/strong>est aujourd\u2019hui la <strong>derni\u00e8re fabrique<\/strong> de pain d\u2019\u00e9pices \u00e0 Dijon.<\/p>\n\n<div class=\"wp-block-buttons mt3 is-layout-flex wp-block-buttons-is-layout-flex\">\n<div class=\"wp-block-button is-style-btn-default\"><a class=\"wp-block-button__link wp-element-button\" href=\"https:\/\/mulotpetitjean.com\/maison\/notre-maison\/\"><span>D\u00e9couvrir la marque<\/span><\/a><\/div>\n<\/div><\/div>\n\n<div class=\"wp-block-buttons read-more is-content-justification-center is-layout-flex wp-container-core-buttons-is-layout-16018d1d wp-block-buttons-is-layout-flex\">\n<div class=\"wp-block-button is-style-btn-dark-outlined\"><a class=\"wp-block-button__link wp-element-button\"><span>LIRE LA SUITE<\/span><\/a><\/div>\n\n\n\n<div class=\"wp-block-button is-style-btn-dark-outlined\"><a class=\"wp-block-button__link wp-element-button\"><span>LIRE MOINS<\/span><\/a><\/div>\n<\/div><\/div><\/div><\/div><section id=\"recette-block_240c7cb28df366b9c2785c9a2d824fc0\" class=\"alignfull  has-quaternary-background-color\">\n        <div class=\"recette alignwide has-quaternary-background-color has-quinquenary-color\">\n        \t\t<div class=\"recette__slider\">\n\t\t\t<div class=\"recette__slider__title\">\n\t\t\t\t<div class=\"recette__title__container\">\n\t\t\t\t\t\t\t\t\t\t\t<h2 class=\"section__title has-bar has-bar-left\">Les recettes du moment<\/h2>\n\t\t\t\t\t\n\t\t\t\t\t\n\t\t\t\t\t\t\t\t\t\t\t<div class=\"section__text\">\n\t\t\t\t\t\t\t<p>pour les papilles des petits et des grands<\/p>\n\t\t\t\t\t\t<\/div>\n\t\t\t\t\t\t\t\t\t<\/div>\n\n\t\t\t\t\t\t\t\t\t<div class=\"recette__slider__all\">\n\t\t\t\t\t\t<a href=\"https:\/\/mulotpetitjean.com\/maison\/nos-idees-recettes\/\" class=\"btn btn-default\">\n\t\t\t\t\t\t\t<span>Toutes nos recettes<\/span>\n\t\t\t\t\t\t<\/a>\n\t\t\t\t\t<\/div>\n\t\t\t\t\t\t\t<\/div>\n\n\t\t\t<div class=\"recette__slider__container\">\n\t\t\t\t<div class=\"recette__slider__arrows\"><\/div>\n\t\t\t\t<ul class=\"recette__slider__items\">\n\t\t\t\t\t<li class=\"recette__slider__item \">\n\t<div class=\"recette__slider__item__container\">\n\n\t\t<a href=\"https:\/\/mulotpetitjean.com\/maison\/recette\/tarte-citron-et-pain-depices\/\" title=\"\">\n\t\t\t<div class=\"recette__slider__item__image\">\n\t\t\t\t\t\t\t\t\t\t\t\t\t\t\t<img loading=\"lazy\" decoding=\"async\" width=\"1875\" height=\"1053\" src=\"https:\/\/mulotpetitjean.com\/maison\/content\/uploads\/2026\/04\/newsletter-2025-26.png\" class=\"attachment-full size-full wp-post-image\" alt=\"\" srcset=\"https:\/\/mulotpetitjean.com\/maison\/content\/uploads\/2026\/04\/newsletter-2025-26.png 1875w, https:\/\/mulotpetitjean.com\/maison\/content\/uploads\/2026\/04\/newsletter-2025-26-600x337.png 600w, https:\/\/mulotpetitjean.com\/maison\/content\/uploads\/2026\/04\/newsletter-2025-26-1024x575.png 1024w, https:\/\/mulotpetitjean.com\/maison\/content\/uploads\/2026\/04\/newsletter-2025-26-768x431.png 768w, https:\/\/mulotpetitjean.com\/maison\/content\/uploads\/2026\/04\/newsletter-2025-26-1536x863.png 1536w, https:\/\/mulotpetitjean.com\/maison\/content\/uploads\/2026\/04\/newsletter-2025-26-320x180.png 320w\" sizes=\"auto, (max-width: 1875px) 100vw, 1875px\" \/>\t\t\t\t\t\t\t\t\t\t\t\t<\/div>\n\t\t\n\t\t\t<div class=\"recette__slider__item__content\">\n\t\t\t\t<div class=\"recette__slider__item__title\">\n\t\t\t\t\t<h3>Tarte citron et pain d&rsquo;\u00e9pices<\/h3>\t\t\t\t<\/div>\n\t\t\t\t\n\t\t\t\t\t\t\t\t\t<div class=\"recette__slider__item__excerpt\">\n\t\t\t\t\t\t<p>L&rsquo;arriv\u00e9e du soleil nous inspire des recettes fra\u00eeches et gourmandes ! Aujourd&rsquo;hui on vous emm\u00e8ne en cuisine pour r\u00e9aliser des tartelettes citron et pain d&rsquo;\u00e9pices\u00a0<\/p>\n\t\t\t\t\t<\/div>\n\t\t\t\t\t\t\t<\/div>\n\n\t\t<\/a>\n\t<\/div>\n<\/li><li class=\"recette__slider__item \">\n\t<div class=\"recette__slider__item__container\">\n\n\t\t<a href=\"https:\/\/mulotpetitjean.com\/maison\/recette\/crepes-au-pain-depices\/\" title=\"\">\n\t\t\t<div class=\"recette__slider__item__image\">\n\t\t\t\t\t\t\t\t\t\t\t\t\t\t\t<img loading=\"lazy\" decoding=\"async\" width=\"1536\" height=\"1024\" src=\"https:\/\/mulotpetitjean.com\/maison\/content\/uploads\/2026\/01\/F2D1B1D9-9889-4009-802E-A24DE2DC1717.png\" class=\"attachment-full size-full wp-post-image\" alt=\"\" srcset=\"https:\/\/mulotpetitjean.com\/maison\/content\/uploads\/2026\/01\/F2D1B1D9-9889-4009-802E-A24DE2DC1717.png 1536w, https:\/\/mulotpetitjean.com\/maison\/content\/uploads\/2026\/01\/F2D1B1D9-9889-4009-802E-A24DE2DC1717-600x400.png 600w, https:\/\/mulotpetitjean.com\/maison\/content\/uploads\/2026\/01\/F2D1B1D9-9889-4009-802E-A24DE2DC1717-1024x683.png 1024w, https:\/\/mulotpetitjean.com\/maison\/content\/uploads\/2026\/01\/F2D1B1D9-9889-4009-802E-A24DE2DC1717-768x512.png 768w, https:\/\/mulotpetitjean.com\/maison\/content\/uploads\/2026\/01\/F2D1B1D9-9889-4009-802E-A24DE2DC1717-320x213.png 320w\" sizes=\"auto, (max-width: 1536px) 100vw, 1536px\" \/>\t\t\t\t\t\t\t\t\t\t\t\t<\/div>\n\t\t\n\t\t\t<div class=\"recette__slider__item__content\">\n\t\t\t\t<div class=\"recette__slider__item__title\">\n\t\t\t\t\t<h3>Cr\u00eapes au pain d&rsquo;\u00e9pices<\/h3>\t\t\t\t<\/div>\n\t\t\t\t\n\t\t\t\t\t\t\t\t\t<div class=\"recette__slider__item__excerpt\">\n\t\t\t\t\t\t<p>\u00c0 l&rsquo;occasion de la Chandeleur, nous vous proposons une version revisit\u00e9e de la cr\u00eape traditionnelle : la cr\u00eape au pain d&rsquo;\u00e9pices ! Subtilement parfum\u00e9e d&rsquo;\u00e9pices pour une touche chaleureuse et gourmande qui change des recettes classiques. \u00c0 d\u00e9guster nature ou accompagn\u00e9e de vos garnitures pr\u00e9f\u00e9r\u00e9es&nbsp;!<\/p>\n\t\t\t\t\t<\/div>\n\t\t\t\t\t\t\t<\/div>\n\n\t\t<\/a>\n\t<\/div>\n<\/li><li class=\"recette__slider__item \">\n\t<div class=\"recette__slider__item__container\">\n\n\t\t<a href=\"https:\/\/mulotpetitjean.com\/maison\/recette\/toast-de-pain-depices-aneth-saumon-concombre-une-recette-fraiche-et-raffinee\/\" title=\"\">\n\t\t\t<div class=\"recette__slider__item__image\">\n\t\t\t\t\t\t\t\t\t\t\t\t\t\t\t<img loading=\"lazy\" decoding=\"async\" width=\"2560\" height=\"1707\" src=\"https:\/\/mulotpetitjean.com\/maison\/content\/uploads\/2025\/10\/Saumon-P-scaled.jpeg\" class=\"attachment-full size-full wp-post-image\" alt=\"\" srcset=\"https:\/\/mulotpetitjean.com\/maison\/content\/uploads\/2025\/10\/Saumon-P-scaled.jpeg 2560w, https:\/\/mulotpetitjean.com\/maison\/content\/uploads\/2025\/10\/Saumon-P-600x400.jpeg 600w, https:\/\/mulotpetitjean.com\/maison\/content\/uploads\/2025\/10\/Saumon-P-1024x683.jpeg 1024w, https:\/\/mulotpetitjean.com\/maison\/content\/uploads\/2025\/10\/Saumon-P-768x512.jpeg 768w, https:\/\/mulotpetitjean.com\/maison\/content\/uploads\/2025\/10\/Saumon-P-1536x1024.jpeg 1536w, https:\/\/mulotpetitjean.com\/maison\/content\/uploads\/2025\/10\/Saumon-P-2048x1365.jpeg 2048w, https:\/\/mulotpetitjean.com\/maison\/content\/uploads\/2025\/10\/Saumon-P-320x213.jpeg 320w\" sizes=\"auto, (max-width: 2560px) 100vw, 2560px\" \/>\t\t\t\t\t\t\t\t\t\t\t\t<\/div>\n\t\t\n\t\t\t<div class=\"recette__slider__item__content\">\n\t\t\t\t<div class=\"recette__slider__item__title\">\n\t\t\t\t\t<h3>Toast de pain d&rsquo;\u00e9pices aneth, saumon &amp; concombre : une recette fra\u00eeche et raffin\u00e9e<\/h3>\t\t\t\t<\/div>\n\t\t\t\t\n\t\t\t\t\t\t\t\t\t<div class=\"recette__slider__item__excerpt\">\n\t\t\t\t\t\t<p>Avec sa touche d&rsquo;aneth d\u00e9licate et parfum\u00e9e, notre pain d&rsquo;\u00e9pices sp\u00e9cial toast \u00e0 l&rsquo;aneth se pr\u00eate parfaitement aux accords iod\u00e9s. Voici une id\u00e9e simple et \u00e9l\u00e9gante pour vos ap\u00e9ritifs.<\/p>\n\t\t\t\t\t<\/div>\n\t\t\t\t\t\t\t<\/div>\n\n\t\t<\/a>\n\t<\/div>\n<\/li><li class=\"recette__slider__item \">\n\t<div class=\"recette__slider__item__container\">\n\n\t\t<a href=\"https:\/\/mulotpetitjean.com\/maison\/recette\/toast-de-pain-depices-figue-noix-avec-foie-gras-et-confit-doignon\/\" title=\"\">\n\t\t\t<div class=\"recette__slider__item__image\">\n\t\t\t\t\t\t\t\t\t\t\t\t\t\t\t<img loading=\"lazy\" decoding=\"async\" width=\"2560\" height=\"1707\" src=\"https:\/\/mulotpetitjean.com\/maison\/content\/uploads\/2025\/10\/Foie2P-scaled.jpeg\" class=\"attachment-full size-full wp-post-image\" alt=\"\" srcset=\"https:\/\/mulotpetitjean.com\/maison\/content\/uploads\/2025\/10\/Foie2P-scaled.jpeg 2560w, https:\/\/mulotpetitjean.com\/maison\/content\/uploads\/2025\/10\/Foie2P-600x400.jpeg 600w, https:\/\/mulotpetitjean.com\/maison\/content\/uploads\/2025\/10\/Foie2P-1024x683.jpeg 1024w, https:\/\/mulotpetitjean.com\/maison\/content\/uploads\/2025\/10\/Foie2P-768x512.jpeg 768w, https:\/\/mulotpetitjean.com\/maison\/content\/uploads\/2025\/10\/Foie2P-1536x1024.jpeg 1536w, https:\/\/mulotpetitjean.com\/maison\/content\/uploads\/2025\/10\/Foie2P-2048x1365.jpeg 2048w, https:\/\/mulotpetitjean.com\/maison\/content\/uploads\/2025\/10\/Foie2P-320x213.jpeg 320w\" sizes=\"auto, (max-width: 2560px) 100vw, 2560px\" \/>\t\t\t\t\t\t\t\t\t\t\t\t<\/div>\n\t\t\n\t\t\t<div class=\"recette__slider__item__content\">\n\t\t\t\t<div class=\"recette__slider__item__title\">\n\t\t\t\t\t<h3>Toast de pain d&rsquo;\u00e9pices figue &amp; noix, avec foie gras et confit d&rsquo;oignon<\/h3>\t\t\t\t<\/div>\n\t\t\t\t\n\t\t\t\t\t\t\t\t\t<div class=\"recette__slider__item__excerpt\">\n\t\t\t\t\t\t<p>Avec ses \u00e9clats de noix, le pain d&rsquo;\u00e9pices sp\u00e9cial toast \u00e0 la figue &amp; aux noix se marie \u00e0 merveille avec les accords sucr\u00e9s et sal\u00e9s. Voici une recette festive et raffin\u00e9e qui allie la douceur du pain d&rsquo;\u00e9pices, la richesse du foie gras et la l\u00e9g\u00e8re note sucr\u00e9e du confit d&rsquo;oignon.<\/p>\n\t\t\t\t\t<\/div>\n\t\t\t\t\t\t\t<\/div>\n\n\t\t<\/a>\n\t<\/div>\n<\/li><li class=\"recette__slider__item \">\n\t<div class=\"recette__slider__item__container\">\n\n\t\t<a href=\"https:\/\/mulotpetitjean.com\/maison\/recette\/toast-de-pain-depices-graines-son-de-moutarde-bresaola-et-tomate-sechee\/\" title=\"\">\n\t\t\t<div class=\"recette__slider__item__image\">\n\t\t\t\t\t\t\t\t\t\t\t\t\t\t\t<img loading=\"lazy\" decoding=\"async\" width=\"2560\" height=\"1707\" src=\"https:\/\/mulotpetitjean.com\/maison\/content\/uploads\/2025\/10\/lomo2-P-scaled.jpeg\" class=\"attachment-full size-full wp-post-image\" alt=\"\" srcset=\"https:\/\/mulotpetitjean.com\/maison\/content\/uploads\/2025\/10\/lomo2-P-scaled.jpeg 2560w, https:\/\/mulotpetitjean.com\/maison\/content\/uploads\/2025\/10\/lomo2-P-600x400.jpeg 600w, https:\/\/mulotpetitjean.com\/maison\/content\/uploads\/2025\/10\/lomo2-P-1024x683.jpeg 1024w, https:\/\/mulotpetitjean.com\/maison\/content\/uploads\/2025\/10\/lomo2-P-768x512.jpeg 768w, https:\/\/mulotpetitjean.com\/maison\/content\/uploads\/2025\/10\/lomo2-P-1536x1024.jpeg 1536w, https:\/\/mulotpetitjean.com\/maison\/content\/uploads\/2025\/10\/lomo2-P-2048x1365.jpeg 2048w, https:\/\/mulotpetitjean.com\/maison\/content\/uploads\/2025\/10\/lomo2-P-320x213.jpeg 320w\" sizes=\"auto, (max-width: 2560px) 100vw, 2560px\" \/>\t\t\t\t\t\t\t\t\t\t\t\t<\/div>\n\t\t\n\t\t\t<div class=\"recette__slider__item__content\">\n\t\t\t\t<div class=\"recette__slider__item__title\">\n\t\t\t\t\t<h3>Toast de pain d&rsquo;\u00e9pices graines &amp; son de moutarde, bresaola et tomate s\u00e9ch\u00e9e<\/h3>\t\t\t\t<\/div>\n\t\t\t\t\n\t\t\t\t\t\t\t\t\t<div class=\"recette__slider__item__excerpt\">\n\t\t\t\t\t\t<p>Avec son go\u00fbt l\u00e9g\u00e8rement relev\u00e9, ce pain d&rsquo;\u00e9pices se pr\u00eate \u00e0 diff\u00e9rentes associations, des plus fra\u00eeches aux plus gourmandes. Voici une d\u00e9licieuse recette simple, pleine de caract\u00e8re et de saveurs. Le coup de coeur Mulot &amp; Petitjean !<\/p>\n\t\t\t\t\t<\/div>\n\t\t\t\t\t\t\t<\/div>\n\n\t\t<\/a>\n\t<\/div>\n<\/li><li class=\"recette__slider__item \">\n\t<div class=\"recette__slider__item__container\">\n\n\t\t<a href=\"https:\/\/mulotpetitjean.com\/maison\/recette\/toast-de-pain-depices-figue-noix-brie-et-cranberries\/\" title=\"\">\n\t\t\t<div class=\"recette__slider__item__image\">\n\t\t\t\t\t\t\t\t\t\t\t\t\t\t\t<img loading=\"lazy\" decoding=\"async\" width=\"2560\" height=\"1707\" src=\"https:\/\/mulotpetitjean.com\/maison\/content\/uploads\/2025\/10\/Brie2P-scaled.jpeg\" class=\"attachment-full size-full wp-post-image\" alt=\"\" srcset=\"https:\/\/mulotpetitjean.com\/maison\/content\/uploads\/2025\/10\/Brie2P-scaled.jpeg 2560w, https:\/\/mulotpetitjean.com\/maison\/content\/uploads\/2025\/10\/Brie2P-600x400.jpeg 600w, https:\/\/mulotpetitjean.com\/maison\/content\/uploads\/2025\/10\/Brie2P-1024x683.jpeg 1024w, https:\/\/mulotpetitjean.com\/maison\/content\/uploads\/2025\/10\/Brie2P-768x512.jpeg 768w, https:\/\/mulotpetitjean.com\/maison\/content\/uploads\/2025\/10\/Brie2P-1536x1024.jpeg 1536w, https:\/\/mulotpetitjean.com\/maison\/content\/uploads\/2025\/10\/Brie2P-2048x1365.jpeg 2048w, https:\/\/mulotpetitjean.com\/maison\/content\/uploads\/2025\/10\/Brie2P-320x213.jpeg 320w\" sizes=\"auto, (max-width: 2560px) 100vw, 2560px\" \/>\t\t\t\t\t\t\t\t\t\t\t\t<\/div>\n\t\t\n\t\t\t<div class=\"recette__slider__item__content\">\n\t\t\t\t<div class=\"recette__slider__item__title\">\n\t\t\t\t\t<h3>Toast de pain d&rsquo;\u00e9pices figue &amp; noix, brie et cranberries<\/h3>\t\t\t\t<\/div>\n\t\t\t\t\n\t\t\t\t\t\t\t\t\t<div class=\"recette__slider__item__excerpt\">\n\t\t\t\t\t\t<p>Le pain d&rsquo;\u00e9pices sp\u00e9cial toast Figues &amp; Noix se marie particuli\u00e8rement bien avec les fromages et les fruits. Voici une id\u00e9e de recette simple \u00e0 r\u00e9aliser pour sublimer vos ap\u00e9ritifs ou repas de f\u00eate.<\/p>\n\t\t\t\t\t<\/div>\n\t\t\t\t\t\t\t<\/div>\n\n\t\t<\/a>\n\t<\/div>\n<\/li><li class=\"recette__slider__item \">\n\t<div class=\"recette__slider__item__container\">\n\n\t\t<a href=\"https:\/\/mulotpetitjean.com\/maison\/recette\/toast-de-pain-depices-graines-son-de-moutarde-fromage-frais-et-pickles-de-radis\/\" title=\"\">\n\t\t\t<div class=\"recette__slider__item__image\">\n\t\t\t\t\t\t\t\t\t\t\t\t\t\t\t<img loading=\"lazy\" decoding=\"async\" width=\"2560\" height=\"1707\" src=\"https:\/\/mulotpetitjean.com\/maison\/content\/uploads\/2025\/10\/Radis-P-scaled.jpeg\" class=\"attachment-full size-full wp-post-image\" alt=\"\" srcset=\"https:\/\/mulotpetitjean.com\/maison\/content\/uploads\/2025\/10\/Radis-P-scaled.jpeg 2560w, https:\/\/mulotpetitjean.com\/maison\/content\/uploads\/2025\/10\/Radis-P-600x400.jpeg 600w, https:\/\/mulotpetitjean.com\/maison\/content\/uploads\/2025\/10\/Radis-P-1024x683.jpeg 1024w, https:\/\/mulotpetitjean.com\/maison\/content\/uploads\/2025\/10\/Radis-P-768x512.jpeg 768w, https:\/\/mulotpetitjean.com\/maison\/content\/uploads\/2025\/10\/Radis-P-1536x1024.jpeg 1536w, https:\/\/mulotpetitjean.com\/maison\/content\/uploads\/2025\/10\/Radis-P-2048x1365.jpeg 2048w, https:\/\/mulotpetitjean.com\/maison\/content\/uploads\/2025\/10\/Radis-P-320x213.jpeg 320w\" sizes=\"auto, (max-width: 2560px) 100vw, 2560px\" \/>\t\t\t\t\t\t\t\t\t\t\t\t<\/div>\n\t\t\n\t\t\t<div class=\"recette__slider__item__content\">\n\t\t\t\t<div class=\"recette__slider__item__title\">\n\t\t\t\t\t<h3>Toast de pain d&rsquo;\u00e9pices graines &amp; son de moutarde, fromage frais et pickles de radis<\/h3>\t\t\t\t<\/div>\n\t\t\t\t\n\t\t\t\t\t\t\t\t\t<div class=\"recette__slider__item__excerpt\">\n\t\t\t\t\t\t<p>Avec son go\u00fbt l\u00e9g\u00e8rement relev\u00e9, ce pain d&rsquo;\u00e9pices est la base parfaite pour des recettes fra\u00eeches et pleines de caract\u00e8re. Voici une recette parfaite pour vos ap\u00e9ritifs !<\/p>\n\t\t\t\t\t<\/div>\n\t\t\t\t\t\t\t<\/div>\n\n\t\t<\/a>\n\t<\/div>\n<\/li><li class=\"recette__slider__item \">\n\t<div class=\"recette__slider__item__container\">\n\n\t\t<a href=\"https:\/\/mulotpetitjean.com\/maison\/recette\/toast-de-pain-depices-figues-noix-ricotta-et-grains-de-grenade\/\" title=\"\">\n\t\t\t<div class=\"recette__slider__item__image\">\n\t\t\t\t\t\t\t\t\t\t\t\t\t\t\t<img loading=\"lazy\" decoding=\"async\" width=\"2560\" height=\"1707\" src=\"https:\/\/mulotpetitjean.com\/maison\/content\/uploads\/2025\/11\/IMG_8996-scaled.jpg\" class=\"attachment-full size-full wp-post-image\" alt=\"\" srcset=\"https:\/\/mulotpetitjean.com\/maison\/content\/uploads\/2025\/11\/IMG_8996-scaled.jpg 2560w, https:\/\/mulotpetitjean.com\/maison\/content\/uploads\/2025\/11\/IMG_8996-600x400.jpg 600w, https:\/\/mulotpetitjean.com\/maison\/content\/uploads\/2025\/11\/IMG_8996-1024x683.jpg 1024w, https:\/\/mulotpetitjean.com\/maison\/content\/uploads\/2025\/11\/IMG_8996-768x512.jpg 768w, https:\/\/mulotpetitjean.com\/maison\/content\/uploads\/2025\/11\/IMG_8996-1536x1024.jpg 1536w, https:\/\/mulotpetitjean.com\/maison\/content\/uploads\/2025\/11\/IMG_8996-2048x1365.jpg 2048w, https:\/\/mulotpetitjean.com\/maison\/content\/uploads\/2025\/11\/IMG_8996-320x213.jpg 320w\" sizes=\"auto, (max-width: 2560px) 100vw, 2560px\" \/>\t\t\t\t\t\t\t\t\t\t\t\t<\/div>\n\t\t\n\t\t\t<div class=\"recette__slider__item__content\">\n\t\t\t\t<div class=\"recette__slider__item__title\">\n\t\t\t\t\t<h3>Toast de pain d&rsquo;\u00e9pices figues &amp; noix, ricotta et grains de grenade<\/h3>\t\t\t\t<\/div>\n\t\t\t\t\n\t\t\t\t\t\t\t\t\t<div class=\"recette__slider__item__excerpt\">\n\t\t\t\t\t\t<p>Avec sa saveur fruit\u00e9e et ses \u00e9clats de noix, le pain d&rsquo;\u00e9pices Sp\u00e9cial Toast Figues &amp; Noix se marie \u00e0 merveille avec les fromages l\u00e9gers comme forts. Voici une recette pleine de fra\u00eecheur et de contraste, o\u00f9 la douceur du pain d&rsquo;\u00e9pices rencontre la l\u00e9g\u00e8ret\u00e9 de la ricotta.<\/p>\n\t\t\t\t\t<\/div>\n\t\t\t\t\t\t\t<\/div>\n\n\t\t<\/a>\n\t<\/div>\n<\/li><li class=\"recette__slider__item \">\n\t<div class=\"recette__slider__item__container\">\n\n\t\t<a href=\"https:\/\/mulotpetitjean.com\/maison\/recette\/mille-feuille-de-pain-depices-et-de-poire\/\" title=\"\">\n\t\t\t<div class=\"recette__slider__item__image\">\n\t\t\t\t\t\t\t\t\t\t\t\t\t\t\t<img loading=\"lazy\" decoding=\"async\" width=\"600\" height=\"803\" src=\"https:\/\/mulotpetitjean.com\/maison\/content\/uploads\/2023\/12\/3.jpg\" class=\"attachment-full size-full wp-post-image\" alt=\"\" srcset=\"https:\/\/mulotpetitjean.com\/maison\/content\/uploads\/2023\/12\/3.jpg 600w, https:\/\/mulotpetitjean.com\/maison\/content\/uploads\/2023\/12\/3-448x600.jpg 448w, https:\/\/mulotpetitjean.com\/maison\/content\/uploads\/2023\/12\/3-320x428.jpg 320w\" sizes=\"auto, (max-width: 600px) 100vw, 600px\" \/>\t\t\t\t\t\t\t\t\t\t\t\t<\/div>\n\t\t\n\t\t\t<div class=\"recette__slider__item__content\">\n\t\t\t\t<div class=\"recette__slider__item__title\">\n\t\t\t\t\t<h3>Mille-feuille de pain d\u2019\u00e9pices et de poire<\/h3>\t\t\t\t<\/div>\n\t\t\t\t\n\t\t\t\t\t\t\t\t\t<div class=\"recette__slider__item__excerpt\">\n\t\t\t\t\t\t<p>LE dessert de f\u00eate qui impressionnera vos convives<\/p>\n\t\t\t\t\t<\/div>\n\t\t\t\t\t\t\t<\/div>\n\n\t\t<\/a>\n\t<\/div>\n<\/li>\t\t\t\t<\/ul>\n\t\t\t<\/div>\n\t\t<\/div>\n        <\/div>\n    <\/section><section id=\"magasin-block_5d5f11d273dcf6b5f5b2f28fcc105f4a\" class=\"alignfull \">\n        <div class=\"magasin alignwide\">\n        \n\t\n\n\t<div class=\"magasin__grid\">\n\t\t<div class=\"magasin__grid__title\">\n\t\t\t\t\t\t\t<h2 class=\"section__title has-bar\">Nos magasins<\/h2>\n\t\t\t\n\t\t\t\n\t\t\t\t\t\t\t<div class=\"section__text\">\n\t\t\t\t\t<p>\u00c0 la d\u00e9couverte de nos boutiques gourmandes<\/p>\n\t\t\t\t<\/div>\n\t\t\t\t\t<\/div>\n\n\t\t<ul class=\"magasin__grid__items\">\n\t\t\t<li class=\"magasin__grid__item \" role=\"listitem\">\n\t<div class=\"magasin__grid__item__container\">\n\n\t\t<div class=\"magasin__grid__item__title\">\n\t\t\t<h3>Boutique Historique<\/h3>\t\t<\/div>\n\n\t\t\t\t\t<div class=\"magasin__grid__item__subtitle\">\n\t\t\t\t<h4>L\u2019H\u00f4tel Catin de Richemont<\/h4>\n\t\t\t<\/div>\n\t\t\n\t\t\t\t\t<div class=\"magasin__grid__item__image\">\n\t\t\t\t\t\t\t\t\t\t\t\t\t\t\t<img decoding=\"async\" src=\"https:\/\/mulotpetitjean.com\/maison\/content\/uploads\/2023\/02\/boutique-historique.svg\" class=\"attachment-full size-full wp-post-image\" alt=\"\" \/>\t\t\t\t\t\t\t\t\t\t\t\t<\/div>\n\t\t\n\t\t\t\t\t<div class=\"magasin__grid__item__content\">\n\t\t\t\t\n\t\t\t\t\t\t\t<div class=\"magasin__grid__item__address\">\n\t\t\t\t\t<p>13 place Bossuet, 21000&nbsp;DIJON<\/p>\n\t\t\t\t<\/div>\n\t\t\t\t\t\t\t\n\t\t\t\t\t\t\t<div class=\"magasin__grid__item__timetable\">\n\t\t\t\t\t<p>Horaires de Printemps :<br \/>\nDu mardi au samedi de 10h \u00e0 12h et de 14h \u00e0 19h<\/p>\n\t\t\t\t<\/div>\n\t\t\t\n\t\t\t\t\t\t\t<div class=\"magasin__grid__item__link\">\n\t\t\t\t\t<a href=\"https:\/\/mulotpetitjean.com\/maison\/notre-maison\/#boutique-historique\" class=\"btn btn-default\">\n\t\t\t\t\t\t<span>D\u00e9couvrez son histoire<\/span>\n\t\t\t\t\t<\/a>\n\t\t\t\t<\/div>\n\t\t\t\n\t\t\t<\/div>\n\t\t\n\t<\/div>\n<\/li><li class=\"magasin__grid__item \" role=\"listitem\">\n\t<div class=\"magasin__grid__item__container\">\n\n\t\t<div class=\"magasin__grid__item__title\">\n\t\t\t<h3>Boutique Libert\u00e9<\/h3>\t\t<\/div>\n\n\t\t\n\t\t\t\t\t<div class=\"magasin__grid__item__image\">\n\t\t\t\t\t\t\t\t\t\t\t\t\t\t\t<img decoding=\"async\" src=\"https:\/\/mulotpetitjean.com\/maison\/content\/uploads\/2023\/02\/Mulot_Petitjean-BOUTIQUE-LIBERTE.svg\" class=\"attachment-full size-full wp-post-image\" alt=\"\" \/>\t\t\t\t\t\t\t\t\t\t\t\t<\/div>\n\t\t\n\t\t\t\t\t<div class=\"magasin__grid__item__content\">\n\t\t\t\t\n\t\t\t\t\t\t\t<div class=\"magasin__grid__item__address\">\n\t\t\t\t\t<p>16 rue de la Libert\u00e9, 21000&nbsp;DIJON<\/p>\n\t\t\t\t<\/div>\n\t\t\t\t\t\t\t\n\t\t\t\t\t\t\t<div class=\"magasin__grid__item__timetable\">\n\t\t\t\t\t<p>Horaires :<br \/>\nLundi, Mercredi, Jeudi de 10h \u00e0 12h30 et de 14h \u00e0 19h<br \/>\nMardi, Vendredi, Samedi de 9h \u00e0 12h30 et de 14h \u00e0 19h<br \/>\nDimanche de 10h \u00e0 12h30 et de 14h \u00e0 18h.<br \/>\nLigne directe : +33 (0)3 80 30 18 84<\/p>\n\t\t\t\t<\/div>\n\t\t\t\n\t\t\t\n\t\t\t<\/div>\n\t\t\n\t<\/div>\n<\/li><li class=\"magasin__grid__item \" role=\"listitem\">\n\t<div class=\"magasin__grid__item__container\">\n\n\t\t<div class=\"magasin__grid__item__title\">\n\t\t\t<h3>Boutique Notre-Dame<\/h3>\t\t<\/div>\n\n\t\t\n\t\t\t\t\t<div class=\"magasin__grid__item__image\">\n\t\t\t\t\t\t\t\t\t\t\t\t\t\t\t<img decoding=\"async\" src=\"https:\/\/mulotpetitjean.com\/maison\/content\/uploads\/2023\/02\/Mulot_Petitjean-BOUTIQUE-NOTREDAME_2.svg\" class=\"attachment-full size-full wp-post-image\" alt=\"\" \/>\t\t\t\t\t\t\t\t\t\t\t\t<\/div>\n\t\t\n\t\t\t\t\t<div class=\"magasin__grid__item__content\">\n\t\t\t\t\n\t\t\t\t\t\t\t<div class=\"magasin__grid__item__address\">\n\t\t\t\t\t<p>1 place Notre-Dame, 21000\u00a0DIJON<\/p>\n\t\t\t\t<\/div>\n\t\t\t\t\t\t\t\n\t\t\t\t\t\t\t<div class=\"magasin__grid__item__timetable\">\n\t\t\t\t\t<p>Horaires :<br \/>\nDu mardi au samedi de 10h \u00e0 12h et de 14h \u00e0 19h<br \/>\nLigne directe : +33 (0)3 80 30 18 58<\/p>\n\t\t\t\t<\/div>\n\t\t\t\n\t\t\t\n\t\t\t<\/div>\n\t\t\n\t<\/div>\n<\/li><li class=\"magasin__grid__item \" role=\"listitem\">\n\t<div class=\"magasin__grid__item__container\">\n\n\t\t<div class=\"magasin__grid__item__title\">\n\t\t\t<h3>Boutique La Chouette<\/h3>\t\t<\/div>\n\n\t\t\n\t\t\t\t\t<div class=\"magasin__grid__item__image\">\n\t\t\t\t\t\t\t\t\t\t\t\t\t\t\t<img decoding=\"async\" src=\"https:\/\/mulotpetitjean.com\/maison\/content\/uploads\/2023\/02\/Mulot_Petitjean-BOUTIQUE-CHOUETTE_2.svg\" class=\"attachment-full size-full wp-post-image\" alt=\"\" \/>\t\t\t\t\t\t\t\t\t\t\t\t<\/div>\n\t\t\n\t\t\t\t\t<div class=\"magasin__grid__item__content\">\n\t\t\t\t\n\t\t\t\t\t\t\t<div class=\"magasin__grid__item__address\">\n\t\t\t\t\t<p>1 rue de la Chouette, 21000\u00a0DIJON<\/p>\n\t\t\t\t<\/div>\n\t\t\t\t\t\t\t\n\t\t\t\t\t\t\t<div class=\"magasin__grid__item__timetable\">\n\t\t\t\t\t<p>Horaires :<br \/>\nDu mardi au samedi de 10h \u00e0 12h30 et de 14h \u00e0 19h<br \/>\nDimanche de 10h \u00e0 12h30 et de 14h \u00e0 18h<br \/>\nLigne directe : +33\u00a0(0)3\u00a080\u00a061\u00a042\u00a022<\/p>\n\t\t\t\t<\/div>\n\t\t\t\n\t\t\t\n\t\t\t<\/div>\n\t\t\n\t<\/div>\n<\/li><li class=\"magasin__grid__item \" role=\"listitem\">\n\t<div class=\"magasin__grid__item__container\">\n\n\t\t<div class=\"magasin__grid__item__title\">\n\t\t\t<h3>Boutique Beaune<\/h3>\t\t<\/div>\n\n\t\t\n\t\t\t\t\t<div class=\"magasin__grid__item__image\">\n\t\t\t\t\t\t\t\t\t\t\t\t\t\t\t<img decoding=\"async\" src=\"https:\/\/mulotpetitjean.com\/maison\/content\/uploads\/2023\/02\/Mulot_Petitjean-BOUTIQUE-BEAUNE_2.svg\" class=\"attachment-full size-full wp-post-image\" alt=\"\" \/>\t\t\t\t\t\t\t\t\t\t\t\t<\/div>\n\t\t\n\t\t\t\t\t<div class=\"magasin__grid__item__content\">\n\t\t\t\t\n\t\t\t\t\t\t\t<div class=\"magasin__grid__item__address\">\n\t\t\t\t\t<p>1 place Carnot, 21200\u00a0BEAUNE<\/p>\n\t\t\t\t<\/div>\n\t\t\t\t\t\t\t\n\t\t\t\t\t\t\t<div class=\"magasin__grid__item__timetable\">\n\t\t\t\t\t<p>Horaires :<br \/>\nDu lundi au samedi de 10h \u00e0 12h et de 14h \u00e0 19h<br \/>\nDimanche de 10h \u00e0 12h et 14h \u00e0 18h<br \/>\nLigne directe : 09 62 40 24 67<\/p>\n\t\t\t\t<\/div>\n\t\t\t\n\t\t\t\n\t\t\t<\/div>\n\t\t\n\t<\/div>\n<\/li><li class=\"magasin__grid__item \" role=\"listitem\">\n\t<div class=\"magasin__grid__item__container\">\n\n\t\t<div class=\"magasin__grid__item__title\">\n\t\t\t<h3>Le mus\u00e9e<\/h3>\t\t<\/div>\n\n\t\t\n\t\t\t\t\t<div class=\"magasin__grid__item__image\">\n\t\t\t\t\t\t\t\t\t\t\t\t\t\t\t<img decoding=\"async\" src=\"https:\/\/mulotpetitjean.com\/maison\/content\/uploads\/2023\/02\/Mulot_Petitjean-LA-FABRIQUE-DE-PAIN-D-EPICES.svg\" class=\"attachment-full size-full wp-post-image\" alt=\"\" \/>\t\t\t\t\t\t\t\t\t\t\t\t<\/div>\n\t\t\n\t\t\t\t\t<div class=\"magasin__grid__item__content\">\n\t\t\t\t\n\t\t\t\t\t\t\t<div class=\"magasin__grid__item__address\">\n\t\t\t\t\t<p>6 Bd de l\u2019Ouest, 21000\u00a0DIJON<\/p>\n\t\t\t\t<\/div>\n\t\t\t\t\t\t\t\n\t\t\t\t\t\t\t<div class=\"magasin__grid__item__timetable\">\n\t\t\t\t\t<p>Ouvert du mardi au samedi<\/p>\n<p>de 10h \u00e0 12h30 et de 14h \u00e0 18h30 (derni\u00e8res visites \u00e0 11h30 le matin et \u00e0 17h30 l&rsquo;apr\u00e8s-midi)<\/p>\n\t\t\t\t<\/div>\n\t\t\t\n\t\t\t\t\t\t\t<div class=\"magasin__grid__item__link\">\n\t\t\t\t\t<a href=\"https:\/\/mulotpetitjean.com\/maison\/visiter-la-fabrique\" class=\"btn btn-default\">\n\t\t\t\t\t\t<span>Visitez la fabrique<\/span>\n\t\t\t\t\t<\/a>\n\t\t\t\t<\/div>\n\t\t\t\n\t\t\t<\/div>\n\t\t\n\t<\/div>\n<\/li>\t\t<\/ul>\n\n\t\t\n\t<\/div>\n        <\/div>\n    <\/section><div class=\"wp-block-group alignfull image-boxed-text is-layout-constrained wp-block-group-is-layout-constrained\"><div class=\"wp-block-group overlay is-layout-constrained wp-block-group-is-layout-constrained\"><figure class=\"wp-block-image aligncenter size-full logo\"><img loading=\"lazy\" decoding=\"async\" width=\"367\" height=\"300\" src=\"https:\/\/mulotpetitjean.com\/maison\/\/content\/uploads\/2023\/03\/logo-old-1.png\" alt=\"\" class=\"wp-image-231\" srcset=\"https:\/\/mulotpetitjean.com\/maison\/content\/uploads\/2023\/03\/logo-old-1.png 367w, https:\/\/mulotpetitjean.com\/maison\/content\/uploads\/2023\/03\/logo-old-1-320x262.png 320w\" sizes=\"auto, (max-width: 367px) 100vw, 367px\" \/><\/figure>\n\n<div class=\"wp-block-group shadowed-box has-quaternary-background-color has-background is-layout-constrained wp-block-group-is-layout-constrained\"><h2 class=\"wp-block-heading has-text-align-center section__title has-primary-color has-text-color has-secondary-font-family\">Visitez <strong><em>la Fabrique<\/em><\/strong><\/h2>\n\n<p class=\"has-text-align-center section__subtitle has-secondary-color has-text-color has-secondary-font-family\"><em>Le Paradis des Gourmets<\/em><\/p>\n\n<p class=\"has-text-align-center\">D\u00e9couvrez l\u2019histoire de la <strong>Maison Mulot &amp; Petitjean<\/strong> et du <strong>pain d\u2019\u00e9pices de Dijon<\/strong> \u00e0 travers un parcours ludique et sensoriel, dans un espace de 450m<sup>2<\/sup>. Regardez, sentez, touchez les ingr\u00e9dients n\u00e9cessaires \u00e0 la fabrication du <strong>pain d\u2019\u00e9pices de Dijon <\/strong>et immergez-vous dans la <strong>fabrication du pain d\u2019\u00e9pices<\/strong> de Dijon. En fin de parcours, savourez nos diff\u00e9rentes sp\u00e9cialit\u00e9s lors d\u2019une&nbsp;d\u00e9gustation dans notre espace boutique.<\/p>\n\n<div class=\"wp-block-buttons section__buttons is-content-justification-space-between is-layout-flex wp-container-core-buttons-is-layout-3d213aab wp-block-buttons-is-layout-flex\">\n<div class=\"wp-block-button is-style-btn-default\"><a class=\"wp-block-button__link wp-element-button\" href=\"https:\/\/mulotpetitjean.com\/maison\/visiter-la-fabrique\/#reservation\"><span>Billeterie<\/span><\/a><\/div>\n\n\n\n<div class=\"wp-block-button is-style-btn-default\"><a class=\"wp-block-button__link wp-element-button\" href=\"https:\/\/mulotpetitjean.com\/maison\/blog\/\"><span>\u00c9v\u00e9nements<\/span><\/a><\/div>\n<\/div><\/div><\/div>\n\n<div class=\"wp-block-cover alignfull is-light has-parallax background\" style=\"min-height:100vh;aspect-ratio:unset;\"><span aria-hidden=\"true\" class=\"wp-block-cover__background has-background-dim-0 has-background-dim\"><\/span><div role=\"img\" class=\"wp-block-cover__image-background wp-image-227 has-parallax\" style=\"background-position:50% 50%;background-image:url(https:\/\/mulotpetitjean.com\/maison\/\/content\/uploads\/2023\/03\/la-fabrique.jpg)\"><\/div><div class=\"wp-block-cover__inner-container is-layout-flow wp-block-cover-is-layout-flow\"><p class=\"has-text-align-center has-large-font-size\"><\/p><\/div><\/div><\/div><section class=\"news pb0 alignfull\">\n        <div class=\"news__home\">\n\n    <div class=\"news__home__title__container alignwide\">\n        <div class=\"news__home__title\">\n            \n<!-- Pr\u00e9-Titre -->\n\n<!-- Titre -->\n\t<h2 class=\"section__title has-bar has-bar-left\">Nos actualit\u00e9s<\/h2>\n\n<!-- Sous-titre -->\n            <div class=\"section__text\">\n                <p>soyez inform\u00e9s de nos derni\u00e8res actualit\u00e9s en visitant notre blog<\/p>\n            <\/div>\n        <\/div>\n                    <div class=\"news__home__all\">\n                <a href=\"https:\/\/mulotpetitjean.com\/maison\/blog\/\" class=\"news__home__all__btn btn btn-default\">\n                    <span>D\u00e9couvrez notre blog<\/span>\n                <\/a>\n            <\/div>\n            <\/div>\n\n            <div class=\"news__home__items__container alignwide\">\n            <ul class=\"news__home__items\">\n                <li class=\"news__grid__item \" role=\"listitem\">\n\t<a href=\"https:\/\/mulotpetitjean.com\/maison\/cette-annee-explorez-la-fabrique-de-pain-depices-notre-programmation-culturelle\/\" title=\"Acc\u00e9dez a l'actualit\u00e9 Cette ann\u00e9e, explorez la Fabrique de Pain d&rsquo;\u00c9pices : notre programmation culturelle.\">\t\t<div class=\"news__grid__item__image\">\n\t\t\t\t\t\t\t\t\t\t\t\t<img loading=\"lazy\" decoding=\"async\" width=\"683\" height=\"1024\" src=\"https:\/\/mulotpetitjean.com\/maison\/content\/uploads\/2025\/09\/devanture-fabrique-683x1024.jpeg\" class=\"attachment-large size-large wp-post-image\" alt=\"\" srcset=\"https:\/\/mulotpetitjean.com\/maison\/content\/uploads\/2025\/09\/devanture-fabrique-683x1024.jpeg 683w, https:\/\/mulotpetitjean.com\/maison\/content\/uploads\/2025\/09\/devanture-fabrique-400x600.jpeg 400w, https:\/\/mulotpetitjean.com\/maison\/content\/uploads\/2025\/09\/devanture-fabrique-768x1152.jpeg 768w, https:\/\/mulotpetitjean.com\/maison\/content\/uploads\/2025\/09\/devanture-fabrique-1024x1536.jpeg 1024w, https:\/\/mulotpetitjean.com\/maison\/content\/uploads\/2025\/09\/devanture-fabrique-1365x2048.jpeg 1365w, https:\/\/mulotpetitjean.com\/maison\/content\/uploads\/2025\/09\/devanture-fabrique-320x480.jpeg 320w, https:\/\/mulotpetitjean.com\/maison\/content\/uploads\/2025\/09\/devanture-fabrique-600x900.jpeg 600w, https:\/\/mulotpetitjean.com\/maison\/content\/uploads\/2025\/09\/devanture-fabrique-scaled.jpeg 1707w\" sizes=\"auto, (max-width: 683px) 100vw, 683px\" \/>\t\t\t\t\t\t\t\t\t<\/div>\n\t\n\t\t<div class=\"news__grid__item__content\">\n\t\t\t<div class=\"news__grid__item__date\">\n\t\t\t\tPubli\u00e9 le 30 mars 2026\t\t\t<\/div>\n\t\t\t\n\t\t\t<div class=\"news__grid__item__title\">\n\t\t\t\t<h3>Cette ann\u00e9e, explorez la Fabrique de Pain d&rsquo;\u00c9pices : notre programmation culturelle.<\/h3>\t\t\t<\/div>\n\n\t\t<\/div>\n\t<\/a><\/li><li class=\"news__grid__item \" role=\"listitem\">\n\t<a href=\"https:\/\/mulotpetitjean.com\/maison\/journee-mondiale-du-fromage-une-visite-gourmande-autour-du-fromage-et-du-pain-depices\/\" title=\"Acc\u00e9dez a l'actualit\u00e9 Journ\u00e9e Mondiale du Fromage : une visite gourmande autour du fromage et du pain d\u2019\u00e9pices\">\t\t<div class=\"news__grid__item__image\">\n\t\t\t\t\t\t\t\t\t\t\t\t<img loading=\"lazy\" decoding=\"async\" width=\"819\" height=\"1024\" src=\"https:\/\/mulotpetitjean.com\/maison\/content\/uploads\/2026\/03\/Design-sans-titre-47-819x1024.png\" class=\"attachment-large size-large wp-post-image\" alt=\"\" srcset=\"https:\/\/mulotpetitjean.com\/maison\/content\/uploads\/2026\/03\/Design-sans-titre-47-819x1024.png 819w, https:\/\/mulotpetitjean.com\/maison\/content\/uploads\/2026\/03\/Design-sans-titre-47-480x600.png 480w, https:\/\/mulotpetitjean.com\/maison\/content\/uploads\/2026\/03\/Design-sans-titre-47-768x960.png 768w, https:\/\/mulotpetitjean.com\/maison\/content\/uploads\/2026\/03\/Design-sans-titre-47-1229x1536.png 1229w, https:\/\/mulotpetitjean.com\/maison\/content\/uploads\/2026\/03\/Design-sans-titre-47-1638x2048.png 1638w, https:\/\/mulotpetitjean.com\/maison\/content\/uploads\/2026\/03\/Design-sans-titre-47-320x400.png 320w, https:\/\/mulotpetitjean.com\/maison\/content\/uploads\/2026\/03\/Design-sans-titre-47-600x750.png 600w, https:\/\/mulotpetitjean.com\/maison\/content\/uploads\/2026\/03\/Design-sans-titre-47-scaled.png 2048w\" sizes=\"auto, (max-width: 819px) 100vw, 819px\" \/>\t\t\t\t\t\t\t\t\t<\/div>\n\t\n\t\t<div class=\"news__grid__item__content\">\n\t\t\t<div class=\"news__grid__item__date\">\n\t\t\t\tPubli\u00e9 le 3 mars 2026\t\t\t<\/div>\n\t\t\t\n\t\t\t<div class=\"news__grid__item__title\">\n\t\t\t\t<h3>Journ\u00e9e Mondiale du Fromage : une visite gourmande autour du fromage et du pain d\u2019\u00e9pices<\/h3>\t\t\t<\/div>\n\n\t\t<\/div>\n\t<\/a><\/li><li class=\"news__grid__item \" role=\"listitem\">\n\t<a href=\"https:\/\/mulotpetitjean.com\/maison\/les-dijonnaises-dans-la-gastronomie\/\" title=\"Acc\u00e9dez a l'actualit\u00e9 Les Dijonnaises dans la gastronomie\">\t\t<div class=\"news__grid__item__image\">\n\t\t\t\t\t\t\t\t\t\t\t\t<img loading=\"lazy\" decoding=\"async\" width=\"1024\" height=\"683\" src=\"https:\/\/mulotpetitjean.com\/maison\/content\/uploads\/2026\/03\/Mulotpetitjean_Office-de-Tourisme-de-Dijon-Metropole-1024x683.jpg\" class=\"attachment-large size-large wp-post-image\" alt=\"\" srcset=\"https:\/\/mulotpetitjean.com\/maison\/content\/uploads\/2026\/03\/Mulotpetitjean_Office-de-Tourisme-de-Dijon-Metropole-1024x683.jpg 1024w, https:\/\/mulotpetitjean.com\/maison\/content\/uploads\/2026\/03\/Mulotpetitjean_Office-de-Tourisme-de-Dijon-Metropole-600x400.jpg 600w, https:\/\/mulotpetitjean.com\/maison\/content\/uploads\/2026\/03\/Mulotpetitjean_Office-de-Tourisme-de-Dijon-Metropole-768x512.jpg 768w, https:\/\/mulotpetitjean.com\/maison\/content\/uploads\/2026\/03\/Mulotpetitjean_Office-de-Tourisme-de-Dijon-Metropole-1536x1025.jpg 1536w, https:\/\/mulotpetitjean.com\/maison\/content\/uploads\/2026\/03\/Mulotpetitjean_Office-de-Tourisme-de-Dijon-Metropole-320x213.jpg 320w, https:\/\/mulotpetitjean.com\/maison\/content\/uploads\/2026\/03\/Mulotpetitjean_Office-de-Tourisme-de-Dijon-Metropole.jpg 2000w\" sizes=\"auto, (max-width: 1024px) 100vw, 1024px\" \/>\t\t\t\t\t\t\t\t\t<\/div>\n\t\n\t\t<div class=\"news__grid__item__content\">\n\t\t\t<div class=\"news__grid__item__date\">\n\t\t\t\tPubli\u00e9 le 3 mars 2026\t\t\t<\/div>\n\t\t\t\n\t\t\t<div class=\"news__grid__item__title\">\n\t\t\t\t<h3>Les Dijonnaises dans la gastronomie<\/h3>\t\t\t<\/div>\n\n\t\t<\/div>\n\t<\/a><\/li><li class=\"news__grid__item \" role=\"listitem\">\n\t<a href=\"https:\/\/mulotpetitjean.com\/maison\/notre-calendrier-de-lavent-est-de-retour\/\" title=\"Acc\u00e9dez a l'actualit\u00e9 Notre calendrier de l&rsquo;avent est de retour !\">\t\t<div class=\"news__grid__item__image\">\n\t\t\t\t\t\t\t\t\t\t\t\t<img loading=\"lazy\" decoding=\"async\" width=\"1024\" height=\"576\" src=\"https:\/\/mulotpetitjean.com\/maison\/content\/uploads\/2025\/11\/Slider-Coup-de-coeur-1024x576.png\" class=\"attachment-large size-large wp-post-image\" alt=\"\" srcset=\"https:\/\/mulotpetitjean.com\/maison\/content\/uploads\/2025\/11\/Slider-Coup-de-coeur-1024x576.png 1024w, https:\/\/mulotpetitjean.com\/maison\/content\/uploads\/2025\/11\/Slider-Coup-de-coeur-600x338.png 600w, https:\/\/mulotpetitjean.com\/maison\/content\/uploads\/2025\/11\/Slider-Coup-de-coeur-768x432.png 768w, https:\/\/mulotpetitjean.com\/maison\/content\/uploads\/2025\/11\/Slider-Coup-de-coeur-1536x864.png 1536w, https:\/\/mulotpetitjean.com\/maison\/content\/uploads\/2025\/11\/Slider-Coup-de-coeur-2048x1152.png 2048w, https:\/\/mulotpetitjean.com\/maison\/content\/uploads\/2025\/11\/Slider-Coup-de-coeur-320x180.png 320w\" sizes=\"auto, (max-width: 1024px) 100vw, 1024px\" \/>\t\t\t\t\t\t\t\t\t<\/div>\n\t\n\t\t<div class=\"news__grid__item__content\">\n\t\t\t<div class=\"news__grid__item__date\">\n\t\t\t\tPubli\u00e9 le 10 nov. 2025\t\t\t<\/div>\n\t\t\t\n\t\t\t<div class=\"news__grid__item__title\">\n\t\t\t\t<h3>Notre calendrier de l&rsquo;avent est de retour !<\/h3>\t\t\t<\/div>\n\n\t\t<\/div>\n\t<\/a><\/li><li class=\"news__grid__item \" role=\"listitem\">\n\t<a href=\"https:\/\/mulotpetitjean.com\/maison\/pain-epices-dijon-histoire-2\/\" title=\"Acc\u00e9dez a l'actualit\u00e9 Les Journ\u00e9es du Patrimoine\u00a0: un voyage au c\u0153ur des saveurs de Dijon\">\t\t<div class=\"news__grid__item__image\">\n\t\t\t\t\t\t\t\t\t\t\t\t<img loading=\"lazy\" decoding=\"async\" width=\"1024\" height=\"683\" src=\"https:\/\/mulotpetitjean.com\/maison\/content\/uploads\/2025\/09\/Marguerite-de-Flandres-3-1024x683.jpeg\" class=\"attachment-large size-large wp-post-image\" alt=\"cadres photos\" srcset=\"https:\/\/mulotpetitjean.com\/maison\/content\/uploads\/2025\/09\/Marguerite-de-Flandres-3-1024x683.jpeg 1024w, https:\/\/mulotpetitjean.com\/maison\/content\/uploads\/2025\/09\/Marguerite-de-Flandres-3-600x400.jpeg 600w, https:\/\/mulotpetitjean.com\/maison\/content\/uploads\/2025\/09\/Marguerite-de-Flandres-3-768x513.jpeg 768w, https:\/\/mulotpetitjean.com\/maison\/content\/uploads\/2025\/09\/Marguerite-de-Flandres-3-1536x1025.jpeg 1536w, https:\/\/mulotpetitjean.com\/maison\/content\/uploads\/2025\/09\/Marguerite-de-Flandres-3-2048x1367.jpeg 2048w, https:\/\/mulotpetitjean.com\/maison\/content\/uploads\/2025\/09\/Marguerite-de-Flandres-3-320x214.jpeg 320w\" sizes=\"auto, (max-width: 1024px) 100vw, 1024px\" \/>\t\t\t\t\t\t\t\t\t<\/div>\n\t\n\t\t<div class=\"news__grid__item__content\">\n\t\t\t<div class=\"news__grid__item__date\">\n\t\t\t\tPubli\u00e9 le 11 sept. 2025\t\t\t<\/div>\n\t\t\t\n\t\t\t<div class=\"news__grid__item__title\">\n\t\t\t\t<h3>Les Journ\u00e9es du Patrimoine\u00a0: un voyage au c\u0153ur des saveurs de Dijon<\/h3>\t\t\t<\/div>\n\n\t\t<\/div>\n\t<\/a><\/li><li class=\"news__grid__item \" role=\"listitem\">\n\t<a href=\"https:\/\/mulotpetitjean.com\/maison\/enquete-famille-fabrique-pain-epices-dijon\/\" title=\"Acc\u00e9dez a l'actualit\u00e9 Enqu\u00eate Gourmande \u00e0 Dijon : R\u00e9solvez le myst\u00e8re \u00e0 la Fabrique de Pain d\u2019\u00c9pices !\">\t\t<div class=\"news__grid__item__image\">\n\t\t\t\t\t\t\t\t\t\t\t\t<img loading=\"lazy\" decoding=\"async\" width=\"1024\" height=\"683\" src=\"https:\/\/mulotpetitjean.com\/maison\/content\/uploads\/2025\/08\/2025-Mulot-et-Petitjean-Dijon-Bourgogne-Tourisme-Congres-\u00a9-Alice-Colas43-1024x683.jpg\" class=\"attachment-large size-large wp-post-image\" alt=\"\" srcset=\"https:\/\/mulotpetitjean.com\/maison\/content\/uploads\/2025\/08\/2025-Mulot-et-Petitjean-Dijon-Bourgogne-Tourisme-Congres-\u00a9-Alice-Colas43-1024x683.jpg 1024w, https:\/\/mulotpetitjean.com\/maison\/content\/uploads\/2025\/08\/2025-Mulot-et-Petitjean-Dijon-Bourgogne-Tourisme-Congres-\u00a9-Alice-Colas43-600x400.jpg 600w, https:\/\/mulotpetitjean.com\/maison\/content\/uploads\/2025\/08\/2025-Mulot-et-Petitjean-Dijon-Bourgogne-Tourisme-Congres-\u00a9-Alice-Colas43-768x512.jpg 768w, https:\/\/mulotpetitjean.com\/maison\/content\/uploads\/2025\/08\/2025-Mulot-et-Petitjean-Dijon-Bourgogne-Tourisme-Congres-\u00a9-Alice-Colas43-1536x1024.jpg 1536w, https:\/\/mulotpetitjean.com\/maison\/content\/uploads\/2025\/08\/2025-Mulot-et-Petitjean-Dijon-Bourgogne-Tourisme-Congres-\u00a9-Alice-Colas43-2048x1365.jpg 2048w, https:\/\/mulotpetitjean.com\/maison\/content\/uploads\/2025\/08\/2025-Mulot-et-Petitjean-Dijon-Bourgogne-Tourisme-Congres-\u00a9-Alice-Colas43-320x213.jpg 320w\" sizes=\"auto, (max-width: 1024px) 100vw, 1024px\" \/>\t\t\t\t\t\t\t\t\t<\/div>\n\t\n\t\t<div class=\"news__grid__item__content\">\n\t\t\t<div class=\"news__grid__item__date\">\n\t\t\t\tPubli\u00e9 le 8 ao\u00fbt 2025\t\t\t<\/div>\n\t\t\t\n\t\t\t<div class=\"news__grid__item__title\">\n\t\t\t\t<h3>Enqu\u00eate Gourmande \u00e0 Dijon : R\u00e9solvez le myst\u00e8re \u00e0 la Fabrique de Pain d\u2019\u00c9pices !<\/h3>\t\t\t<\/div>\n\n\t\t<\/div>\n\t<\/a><\/li>            <\/ul>\n        <\/div>\n      \n    <\/div>\n<\/div>    <\/section><div class=\"wp-block-group alignwide is-layout-constrained wp-block-group-is-layout-constrained\"><h3 class=\"wp-block-heading has-text-align-center has-primary-font-family\" style=\"font-style:normal;font-weight:500;text-transform:uppercase\">NOS labels<\/h3>\n\n<div class=\"wp-block-columns is-layout-flex wp-container-core-columns-is-layout-9d6595d7 wp-block-columns-is-layout-flex\"><div class=\"wp-block-column is-layout-flow wp-block-column-is-layout-flow\"><figure class=\"wp-block-image size-full is-resized text-center\"><img decoding=\"async\" src=\"https:\/\/mulotpetitjean.com\/maison\/\/content\/uploads\/2023\/03\/paq.png\" alt=\"\" class=\"wp-image-236\" style=\"width:240px\" width=\"240\" srcset=\"https:\/\/mulotpetitjean.com\/maison\/content\/uploads\/2023\/03\/paq.png 468w, https:\/\/mulotpetitjean.com\/maison\/content\/uploads\/2023\/03\/paq-320x159.png 320w\" sizes=\"(max-width: 468px) 100vw, 468px\" \/><\/figure><\/div>\n\n<div class=\"wp-block-column is-layout-flow wp-block-column-is-layout-flow\"><figure class=\"wp-block-image size-full is-resized text-center\"><img decoding=\"async\" src=\"https:\/\/mulotpetitjean.com\/maison\/\/content\/uploads\/2023\/03\/pme.png\" alt=\"\" class=\"wp-image-238\" style=\"width:240px\" width=\"240\" srcset=\"https:\/\/mulotpetitjean.com\/maison\/content\/uploads\/2023\/03\/pme.png 468w, https:\/\/mulotpetitjean.com\/maison\/content\/uploads\/2023\/03\/pme-320x159.png 320w\" sizes=\"(max-width: 468px) 100vw, 468px\" \/><\/figure><\/div>\n\n<div class=\"wp-block-column is-layout-flow wp-block-column-is-layout-flow\"><figure class=\"wp-block-image size-full is-resized text-center\"><img decoding=\"async\" src=\"https:\/\/mulotpetitjean.com\/maison\/\/content\/uploads\/2023\/03\/epv.png\" alt=\"\" class=\"wp-image-234\" style=\"width:240px\" width=\"240\" srcset=\"https:\/\/mulotpetitjean.com\/maison\/content\/uploads\/2023\/03\/epv.png 468w, https:\/\/mulotpetitjean.com\/maison\/content\/uploads\/2023\/03\/epv-320x159.png 320w\" sizes=\"(max-width: 468px) 100vw, 468px\" \/><\/figure><\/div><\/div><\/div>","protected":false},"excerpt":{"rendered":"<p>Ma\u00eetres pains d&rsquo;\u00e9piciers depuis 1796 Du Mi-kong chinois au boichet de Marguerite de Flandres,le pain d\u2019\u00e9pices s\u2019est inscrit dans le patrimoine gourmand de Dijon. Entre tradition et modernit\u00e9, Mulot &amp; Petitjean est une entreprise familiale, fid\u00e8le \u00e0 un savoir-faire transmis de g\u00e9n\u00e9ration en g\u00e9n\u00e9ration. Cr\u00e9\u00e9e en 1796, la maison Mulot &amp; Petitjean est une entreprise [&hellip;]<\/p>\n","protected":false},"author":1,"featured_media":565,"parent":0,"menu_order":1,"comment_status":"closed","ping_status":"closed","template":"","meta":{"_acf_changed":false,"footnotes":""},"class_list":["post-6","page","type-page","status-publish","has-post-thumbnail","hentry"],"acf":[],"yoast_head":"<!-- This site is optimized with the Yoast SEO plugin v26.0 - https:\/\/yoast.com\/wordpress\/plugins\/seo\/ -->\n<title>Les v\u00e9ritables pains d&#039;\u00e9pices de Dijon ~ Mulot &amp; Petitjean<\/title>\n<meta name=\"description\" content=\"Le v\u00e9ritable pain d&#039;\u00e9pices de Dijon depuis plus de 1796. Mulot&amp;Petitjean est une entreprise labellis\u00e9e &#039;Entreprise du Patrimoine Vivant&#039;.\" \/>\n<meta name=\"robots\" content=\"index, follow, max-snippet:-1, max-image-preview:large, max-video-preview:-1\" \/>\n<link rel=\"canonical\" href=\"https:\/\/mulotpetitjean.com\/maison\/\" \/>\n<meta property=\"og:locale\" content=\"fr_FR\" \/>\n<meta property=\"og:type\" content=\"article\" \/>\n<meta property=\"og:title\" content=\"Les v\u00e9ritables pains d&#039;\u00e9pices de Dijon ~ Mulot &amp; Petitjean\" \/>\n<meta property=\"og:description\" content=\"Le v\u00e9ritable pain d&#039;\u00e9pices de Dijon depuis plus de 1796. Mulot&amp;Petitjean est une entreprise labellis\u00e9e &#039;Entreprise du Patrimoine Vivant&#039;.\" \/>\n<meta property=\"og:url\" content=\"https:\/\/mulotpetitjean.com\/maison\/\" \/>\n<meta property=\"og:site_name\" content=\"Mulot &amp; Petitjean\" \/>\n<meta property=\"article:publisher\" content=\"https:\/\/www.facebook.com\/MulotPetitjean\/\" \/>\n<meta property=\"article:modified_time\" content=\"2024-05-06T12:49:06+00:00\" \/>\n<meta property=\"og:image\" content=\"https:\/\/mulotpetitjean.com\/maison\/content\/uploads\/2023\/03\/SLIDER-SET-24-BANDES_PAVE-V2.jpg\" \/>\n\t<meta property=\"og:image:width\" content=\"2000\" \/>\n\t<meta property=\"og:image:height\" content=\"521\" \/>\n\t<meta property=\"og:image:type\" content=\"image\/jpeg\" \/>\n<meta name=\"twitter:card\" content=\"summary_large_image\" \/>\n<meta name=\"twitter:label1\" content=\"Dur\u00e9e de lecture estim\u00e9e\" \/>\n\t<meta name=\"twitter:data1\" content=\"13 minutes\" \/>\n<script type=\"application\/ld+json\" class=\"yoast-schema-graph\">{\"@context\":\"https:\/\/schema.org\",\"@graph\":[{\"@type\":\"WebPage\",\"@id\":\"https:\/\/mulotpetitjean.com\/maison\/\",\"url\":\"https:\/\/mulotpetitjean.com\/maison\/\",\"name\":\"Les v\u00e9ritables pains d'\u00e9pices de Dijon ~ Mulot &amp; Petitjean\",\"isPartOf\":{\"@id\":\"https:\/\/mulotpetitjean.com\/maison\/#website\"},\"primaryImageOfPage\":{\"@id\":\"https:\/\/mulotpetitjean.com\/maison\/#primaryimage\"},\"image\":{\"@id\":\"https:\/\/mulotpetitjean.com\/maison\/#primaryimage\"},\"thumbnailUrl\":\"https:\/\/mulotpetitjean.com\/maison\/content\/uploads\/2023\/03\/SLIDER-SET-24-BANDES_PAVE-V2.jpg\",\"datePublished\":\"2023-02-17T10:34:09+00:00\",\"dateModified\":\"2024-05-06T12:49:06+00:00\",\"description\":\"Le v\u00e9ritable pain d'\u00e9pices de Dijon depuis plus de 1796. Mulot&Petitjean est une entreprise labellis\u00e9e 'Entreprise du Patrimoine Vivant'.\",\"breadcrumb\":{\"@id\":\"https:\/\/mulotpetitjean.com\/maison\/#breadcrumb\"},\"inLanguage\":\"fr-FR\",\"potentialAction\":[{\"@type\":\"ReadAction\",\"target\":[\"https:\/\/mulotpetitjean.com\/maison\/\"]}]},{\"@type\":\"ImageObject\",\"inLanguage\":\"fr-FR\",\"@id\":\"https:\/\/mulotpetitjean.com\/maison\/#primaryimage\",\"url\":\"https:\/\/mulotpetitjean.com\/maison\/content\/uploads\/2023\/03\/SLIDER-SET-24-BANDES_PAVE-V2.jpg\",\"contentUrl\":\"https:\/\/mulotpetitjean.com\/maison\/content\/uploads\/2023\/03\/SLIDER-SET-24-BANDES_PAVE-V2.jpg\",\"width\":2000,\"height\":521},{\"@type\":\"BreadcrumbList\",\"@id\":\"https:\/\/mulotpetitjean.com\/maison\/#breadcrumb\",\"itemListElement\":[{\"@type\":\"ListItem\",\"position\":1,\"name\":\"Accueil\",\"item\":\"https:\/\/mulotpetitjean.com\/maison\/\"},{\"@type\":\"ListItem\",\"position\":2,\"name\":\"Accueil\"}]},{\"@type\":\"WebSite\",\"@id\":\"https:\/\/mulotpetitjean.com\/maison\/#website\",\"url\":\"https:\/\/mulotpetitjean.com\/maison\/\",\"name\":\"Mulot & Petitjean\",\"description\":\"Pain d&#039;\u00e9pices depuis 1796\",\"publisher\":{\"@id\":\"https:\/\/mulotpetitjean.com\/maison\/#organization\"},\"potentialAction\":[{\"@type\":\"SearchAction\",\"target\":{\"@type\":\"EntryPoint\",\"urlTemplate\":\"https:\/\/mulotpetitjean.com\/maison\/?s={search_term_string}\"},\"query-input\":{\"@type\":\"PropertyValueSpecification\",\"valueRequired\":true,\"valueName\":\"search_term_string\"}}],\"inLanguage\":\"fr-FR\"},{\"@type\":\"Organization\",\"@id\":\"https:\/\/mulotpetitjean.com\/maison\/#organization\",\"name\":\"Mulot & Petitjean\",\"url\":\"https:\/\/mulotpetitjean.com\/maison\/\",\"logo\":{\"@type\":\"ImageObject\",\"inLanguage\":\"fr-FR\",\"@id\":\"https:\/\/mulotpetitjean.com\/maison\/#\/schema\/logo\/image\/\",\"url\":\"https:\/\/mulotpetitjean.com\/maison\/content\/uploads\/2023\/03\/logo-footer-home.jpg\",\"contentUrl\":\"https:\/\/mulotpetitjean.com\/maison\/content\/uploads\/2023\/03\/logo-footer-home.jpg\",\"width\":246,\"height\":189,\"caption\":\"Mulot & Petitjean\"},\"image\":{\"@id\":\"https:\/\/mulotpetitjean.com\/maison\/#\/schema\/logo\/image\/\"},\"sameAs\":[\"https:\/\/www.facebook.com\/MulotPetitjean\/\",\"https:\/\/www.instagram.com\/mulotpetitjean\/\",\"https:\/\/www.linkedin.com\/company\/pains-d'epices-mulot-et-petitjean\/\"]}]}<\/script>\n<!-- \/ Yoast SEO plugin. -->","yoast_head_json":{"title":"Les v\u00e9ritables pains d'\u00e9pices de Dijon ~ Mulot &amp; Petitjean","description":"Le v\u00e9ritable pain d'\u00e9pices de Dijon depuis plus de 1796. Mulot&Petitjean est une entreprise labellis\u00e9e 'Entreprise du Patrimoine Vivant'.","robots":{"index":"index","follow":"follow","max-snippet":"max-snippet:-1","max-image-preview":"max-image-preview:large","max-video-preview":"max-video-preview:-1"},"canonical":"https:\/\/mulotpetitjean.com\/maison\/","og_locale":"fr_FR","og_type":"article","og_title":"Les v\u00e9ritables pains d'\u00e9pices de Dijon ~ Mulot &amp; Petitjean","og_description":"Le v\u00e9ritable pain d'\u00e9pices de Dijon depuis plus de 1796. Mulot&Petitjean est une entreprise labellis\u00e9e 'Entreprise du Patrimoine Vivant'.","og_url":"https:\/\/mulotpetitjean.com\/maison\/","og_site_name":"Mulot &amp; Petitjean","article_publisher":"https:\/\/www.facebook.com\/MulotPetitjean\/","article_modified_time":"2024-05-06T12:49:06+00:00","og_image":[{"width":2000,"height":521,"url":"https:\/\/mulotpetitjean.com\/maison\/content\/uploads\/2023\/03\/SLIDER-SET-24-BANDES_PAVE-V2.jpg","type":"image\/jpeg"}],"twitter_card":"summary_large_image","twitter_misc":{"Dur\u00e9e de lecture estim\u00e9e":"13 minutes"},"schema":{"@context":"https:\/\/schema.org","@graph":[{"@type":"WebPage","@id":"https:\/\/mulotpetitjean.com\/maison\/","url":"https:\/\/mulotpetitjean.com\/maison\/","name":"Les v\u00e9ritables pains d'\u00e9pices de Dijon ~ Mulot &amp; Petitjean","isPartOf":{"@id":"https:\/\/mulotpetitjean.com\/maison\/#website"},"primaryImageOfPage":{"@id":"https:\/\/mulotpetitjean.com\/maison\/#primaryimage"},"image":{"@id":"https:\/\/mulotpetitjean.com\/maison\/#primaryimage"},"thumbnailUrl":"https:\/\/mulotpetitjean.com\/maison\/content\/uploads\/2023\/03\/SLIDER-SET-24-BANDES_PAVE-V2.jpg","datePublished":"2023-02-17T10:34:09+00:00","dateModified":"2024-05-06T12:49:06+00:00","description":"Le v\u00e9ritable pain d'\u00e9pices de Dijon depuis plus de 1796. Mulot&Petitjean est une entreprise labellis\u00e9e 'Entreprise du Patrimoine Vivant'.","breadcrumb":{"@id":"https:\/\/mulotpetitjean.com\/maison\/#breadcrumb"},"inLanguage":"fr-FR","potentialAction":[{"@type":"ReadAction","target":["https:\/\/mulotpetitjean.com\/maison\/"]}]},{"@type":"ImageObject","inLanguage":"fr-FR","@id":"https:\/\/mulotpetitjean.com\/maison\/#primaryimage","url":"https:\/\/mulotpetitjean.com\/maison\/content\/uploads\/2023\/03\/SLIDER-SET-24-BANDES_PAVE-V2.jpg","contentUrl":"https:\/\/mulotpetitjean.com\/maison\/content\/uploads\/2023\/03\/SLIDER-SET-24-BANDES_PAVE-V2.jpg","width":2000,"height":521},{"@type":"BreadcrumbList","@id":"https:\/\/mulotpetitjean.com\/maison\/#breadcrumb","itemListElement":[{"@type":"ListItem","position":1,"name":"Accueil","item":"https:\/\/mulotpetitjean.com\/maison\/"},{"@type":"ListItem","position":2,"name":"Accueil"}]},{"@type":"WebSite","@id":"https:\/\/mulotpetitjean.com\/maison\/#website","url":"https:\/\/mulotpetitjean.com\/maison\/","name":"Mulot & Petitjean","description":"Pain d&#039;\u00e9pices depuis 1796","publisher":{"@id":"https:\/\/mulotpetitjean.com\/maison\/#organization"},"potentialAction":[{"@type":"SearchAction","target":{"@type":"EntryPoint","urlTemplate":"https:\/\/mulotpetitjean.com\/maison\/?s={search_term_string}"},"query-input":{"@type":"PropertyValueSpecification","valueRequired":true,"valueName":"search_term_string"}}],"inLanguage":"fr-FR"},{"@type":"Organization","@id":"https:\/\/mulotpetitjean.com\/maison\/#organization","name":"Mulot & Petitjean","url":"https:\/\/mulotpetitjean.com\/maison\/","logo":{"@type":"ImageObject","inLanguage":"fr-FR","@id":"https:\/\/mulotpetitjean.com\/maison\/#\/schema\/logo\/image\/","url":"https:\/\/mulotpetitjean.com\/maison\/content\/uploads\/2023\/03\/logo-footer-home.jpg","contentUrl":"https:\/\/mulotpetitjean.com\/maison\/content\/uploads\/2023\/03\/logo-footer-home.jpg","width":246,"height":189,"caption":"Mulot & Petitjean"},"image":{"@id":"https:\/\/mulotpetitjean.com\/maison\/#\/schema\/logo\/image\/"},"sameAs":["https:\/\/www.facebook.com\/MulotPetitjean\/","https:\/\/www.instagram.com\/mulotpetitjean\/","https:\/\/www.linkedin.com\/company\/pains-d'epices-mulot-et-petitjean\/"]}]}},"_links":{"self":[{"href":"https:\/\/mulotpetitjean.com\/maison\/wp-json\/wp\/v2\/pages\/6","targetHints":{"allow":["GET"]}}],"collection":[{"href":"https:\/\/mulotpetitjean.com\/maison\/wp-json\/wp\/v2\/pages"}],"about":[{"href":"https:\/\/mulotpetitjean.com\/maison\/wp-json\/wp\/v2\/types\/page"}],"author":[{"embeddable":true,"href":"https:\/\/mulotpetitjean.com\/maison\/wp-json\/wp\/v2\/users\/1"}],"replies":[{"embeddable":true,"href":"https:\/\/mulotpetitjean.com\/maison\/wp-json\/wp\/v2\/comments?post=6"}],"version-history":[{"count":0,"href":"https:\/\/mulotpetitjean.com\/maison\/wp-json\/wp\/v2\/pages\/6\/revisions"}],"wp:featuredmedia":[{"embeddable":true,"href":"https:\/\/mulotpetitjean.com\/maison\/wp-json\/wp\/v2\/media\/565"}],"wp:attachment":[{"href":"https:\/\/mulotpetitjean.com\/maison\/wp-json\/wp\/v2\/media?parent=6"}],"curies":[{"name":"wp","href":"https:\/\/api.w.org\/{rel}","templated":true}]}}